{"id":15154,"date":"2023-06-05T11:11:41","date_gmt":"2023-06-05T09:11:41","guid":{"rendered":"https:\/\/osiiims.splet.arnes.si\/?page_id=15154"},"modified":"2024-06-21T08:49:39","modified_gmt":"2024-06-21T06:49:39","slug":"seznam-ucbenikov-delovnih-zvezkov-in-potrebscin-za-solsko-leto-2923-24","status":"publish","type":"page","link":"https:\/\/osiiims.splet.arnes.si\/?page_id=15154","title":{"rendered":"Seznam u\u010dbenikov, delovnih zvezkov in potreb\u0161\u010din za \u0161olsko leto 2024\/25"},"content":{"rendered":"<p><img loading=\"lazy\" decoding=\"async\" class=\"aligncenter wp-image-15160\" src=\"https:\/\/osiiims.splet.arnes.si\/files\/2023\/06\/ucbeniski_sklad.png\" alt=\"\" width=\"200\" height=\"133\" srcset=\"https:\/\/osiiims.splet.arnes.si\/files\/2023\/06\/ucbeniski_sklad.png 1205w, https:\/\/osiiims.splet.arnes.si\/files\/2023\/06\/ucbeniski_sklad-300x200.png 300w, https:\/\/osiiims.splet.arnes.si\/files\/2023\/06\/ucbeniski_sklad-1024x682.png 1024w, https:\/\/osiiims.splet.arnes.si\/files\/2023\/06\/ucbeniski_sklad-768x511.png 768w\" sizes=\"auto, (max-width: 200px) 100vw, 200px\" \/><\/p>\n<p>Spo\u0161tovani star\u0161i!<\/p>\n<p style=\"text-align: justify\">Konec \u0161olskega leta je pred vrati in nekateri smo \u017ee v mislih pri nakupu u\u010dbenikov, delovnih zvezkov in ostalih potreb\u0161\u010din za naslednje \u0161olsko leto. Vse gradivo, ki ga bodo u\u010denci uporabljali v prihodnjem \u0161olskem letu, so skrbno izbrali strokovni aktivi na\u0161ih u\u010diteljev, seznam pa je potrdil tudi Svet star\u0161ev na eni od svojih sej, dne 28. 5. 2024.<\/p>\n<p style=\"text-align: justify\">Vsi u\u010denci na\u0161e \u0161ole so uporabniki u\u010dbeni\u0161kega sklada. <strong><u>U\u010denci dobijo vse potrebne u\u010dbenike v \u0161oli brezpla\u010dno<\/u><\/strong>, saj izposojevalnino za u\u010dbeni\u0161ki sklad krije Ministrstvo za vzgojo in izobra\u017eevanje.<\/p>\n<p style=\"text-align: justify\">Izbor u\u010dbeni\u0161kih kompletov, nabava in izposoja poteka v skladu s Pravilnikom o upravljanju u\u010dbeni\u0161kega sklada. Vse u\u010dbenike iz u\u010dbeni\u0161kega sklada, ki so jih imeli u\u010denci izposojene, je potrebno ob koncu \u0161olskega leta vrniti. V primeru, da bo kak\u0161en u\u010dbenik uni\u010den, izgubljen ali po\u0161kodovan, se mora zanj pla\u010dati od\u0161kodnina v skladu z 12. \u010dlenom Pravilnika.<\/p>\n<p style=\"text-align: justify\">\u010ce si kdo izmed u\u010dencev ne \u017eeli izposoditi u\u010dbenikov iz u\u010dbeni\u0161kega sklada, ker \u017eeli imeti svoje u\u010dbenike, morate star\u0161i izpolniti in podpisati <strong>Odjavnico<\/strong>, ki jo najdete spodaj v prilogi in jo oddati skrbnici u\u010dbeni\u0161kega sklada pred zaklju\u010dkom \u0161olskega leta.<\/p>\n<p style=\"text-align: justify\"><strong>U\u010cBENI\u0160KI KOMPLET<\/strong><\/p>\n<p style=\"text-align: justify\">U\u010denci si lahko izposodijo le celoten komplet u\u010dbenikov, posameznih u\u010dbenikov si ni mogo\u010de izposoditi. U\u010dbenike u\u010denci prejmejo v prvem tednu pouka. V u\u010dbeni\u0161kem kompletu niso samo novi u\u010dbeniki, nekateri so \u017ee starej\u0161i, vendar kljub temu uporabni. U\u010denci dobijo naklju\u010dno izbrane u\u010dbenike. Ob prejetju oz. \u017ee prvi dan jih morajo oviti, vanje ne smejo pisati, nanje morajo paziti. Ob izteku \u0161olskega leta vrnejo celoten komplet u\u010dbenikov.<strong>&nbsp;<\/strong><\/p>\n<p style=\"text-align: justify\"><strong>KOMPLET DELOVNIH ZVEZKOV<\/strong><\/p>\n<p style=\"text-align: justify\"><strong>Komplet delovnih zvezkov kupijo star\u0161i v katerikoli knjigarni. <\/strong><\/p>\n<p style=\"text-align: justify\">Nakup delovnih zvezkov oz. u\u010dnih gradiv za <strong><u>u\u010dence 1., 2. in 3. razred<\/u><\/strong> <strong><u>krije Ministrstvo za vzgojo in izobra\u017eevanje in jih u\u010denci dobijo brezpla\u010dno prvi teden pouka<\/u><\/strong>. Star\u0161i zanje kupite le potreb\u0161\u010dine.<\/p>\n<p style=\"text-align: justify\">Nakup delovnih zvezkov oz. u\u010dnih gradiv in potreb\u0161\u010din za <strong><u>u\u010dence od 4.-9. razreda<\/u><\/strong> pa kupite star\u0161i v katerikoli knjigarni. Lahko izbirate med ponudbami, ki so jih za vas pripravile razli\u010dne knjigarne in papirnice. V primeru da se odlo\u010dite za nakup pri kateri od teh, oddajte naro\u010dilo. Knjigarne in papirnice same dolo\u010dijo pogoje naro\u010dila in pla\u010dila.<\/p>\n<p style=\"text-align: justify\"><strong>DATOTEKE IN DOKUMENTI<\/strong><\/p>\n<ul style=\"text-align: justify\">\n<li><a href=\"https:\/\/osiiims.splet.arnes.si\/files\/2024\/06\/Narocilnica_za-US.pdf\">Naro\u010dilnica za izposojo kompleta u\u010dbenikov iz u\u010dbeni\u0161kega<\/a><\/li>\n<li><a href=\"https:\/\/osiiims.splet.arnes.si\/files\/2024\/06\/ODJAVNICA.pdf\">Odjavnica<\/a><\/li>\n<\/ul>\n<p style=\"text-align: justify\"><strong>POVEZAVE DO PONUDNIKOV ZA NAKUP DELOVNIH ZVEZKOV<\/strong><\/p>\n<p style=\"text-align: justify\">Povezave do ponudnikov, ki so zaprosili \u0161olo za objavo. U\u010dna gradiva lahko naro\u010dite v njihovih knjigarnah ali preko spleta.<\/p>\n<ul style=\"text-align: justify\">\n<li><a href=\"https:\/\/www.dzs.si\/solska-sezona\/seznam?school-season-schools=5640261&amp;school-season-class=O94&amp;school-season-parallel-class=null&amp;school-season-motiv=M\"><strong>DZS<\/strong>, Mercator center in BTC Murska Sobota<\/a><\/li>\n<li><a href=\"https:\/\/emka.si\/pages\/solsko-leto\/osnovna-sola-iii-murska-sobota-osnovna-sola-splosni-program-1-razred-1242995?parenthandle=osnovna-sola-iii-murska-sobota&amp;program=Splo%C5%A1ni%20program\"><strong>MLADINSKA KNJIGA<\/strong>, Maximus Murska Sobota<\/a><\/li>\n<li><a href=\"https:\/\/www.kopija-nova.si\/enostavno-narocanje?pmr=vd&amp;pmid=u36g5d38qkw3\"><strong>KOPIJA NOVA<\/strong>, Maribor<\/a><\/li>\n<li><a href=\"https:\/\/bagsandmore.si\/trgovine\"><strong>BAGS AND MORE<\/strong>, Maximus Murska Sobota<\/a><\/li>\n<li><a href=\"https:\/\/www.printink.si\/vse-za-solo\"><strong>PRINTINK<\/strong><\/a><\/li>\n<li><a href=\"https:\/\/www.druzina.si\/nase-knjigarne\"><strong>KLEKLOVA KNJIGARNA, <\/strong>Murska Sobota<\/a><\/li>\n<\/ul>\n<p style=\"text-align: justify\"><strong>DODATNE INFORAMCIJE<\/strong><\/p>\n<p style=\"text-align: justify\">Za dodatne informacije se lahko obrnete na \u0161olsko knji\u017eni\u010darko, skrbnico u\u010dbeni\u0161kega sklada na tel. \u0161t. 02 522 34 62 (\u0161olska knji\u017enica).<\/p>\n<p style=\"text-align: justify\"><a href=\"https:\/\/osiiims.splet.arnes.si\/files\/2024\/06\/Seznam_ucnih_gradiv_2024_2025_polni.pdf\"><strong>Seznam u\u010dbenikov, delovnih zvezkov in potreb\u0161\u010din za \u0161olsko leto 2024\/2025<\/strong><\/a><\/p>\n<p style=\"text-align: right\">Jana Merica, \u0161olska knji\u017eni\u010darka in skrbnica u\u010dbeni\u0161kega sklada<\/p>\n","protected":false},"excerpt":{"rendered":"<p>Spo\u0161tovani star\u0161i! Konec \u0161olskega leta je pred vrati in nekateri smo \u017ee v mislih pri nakupu u\u010dbenikov, delovnih zvezkov in ostalih potreb\u0161\u010din za naslednje \u0161olsko leto. Vse gradivo, ki ga [&hellip;]<\/p>\n","protected":false},"author":6834,"featured_media":0,"parent":0,"menu_order":0,"comment_status":"closed","ping_status":"closed","template":"","meta":{"ngg_post_thumbnail":0,"footnotes":""},"class_list":["post-15154","page","type-page","status-publish","hentry"],"_links":{"self":[{"href":"https:\/\/osiiims.splet.arnes.si\/index.php?rest_route=\/wp\/v2\/pages\/15154","targetHints":{"allow":["GET"]}}],"collection":[{"href":"https:\/\/osiiims.splet.arnes.si\/index.php?rest_route=\/wp\/v2\/pages"}],"about":[{"href":"https:\/\/osiiims.splet.arnes.si\/index.php?rest_route=\/wp\/v2\/types\/page"}],"author":[{"embeddable":true,"href":"https:\/\/osiiims.splet.arnes.si\/index.php?rest_route=\/wp\/v2\/users\/6834"}],"replies":[{"embeddable":true,"href":"https:\/\/osiiims.splet.arnes.si\/index.php?rest_route=%2Fwp%2Fv2%2Fcomments&post=15154"}],"version-history":[{"count":16,"href":"https:\/\/osiiims.splet.arnes.si\/index.php?rest_route=\/wp\/v2\/pages\/15154\/revisions"}],"predecessor-version":[{"id":19192,"href":"https:\/\/osiiims.splet.arnes.si\/index.php?rest_route=\/wp\/v2\/pages\/15154\/revisions\/19192"}],"wp:attachment":[{"href":"https:\/\/osiiims.splet.arnes.si\/index.php?rest_route=%2Fwp%2Fv2%2Fmedia&parent=15154"}],"curies":[{"name":"wp","href":"https:\/\/api.w.org\/{rel}","templated":true}]}}